{"id":750,"date":"2020-01-25T22:46:40","date_gmt":"2020-01-25T21:46:40","guid":{"rendered":"http:\/\/sportjudo.cz\/?page_id=750"},"modified":"2020-02-03T23:13:29","modified_gmt":"2020-02-03T22:13:29","slug":"sezona-2020","status":"publish","type":"page","link":"http:\/\/sportjudo.cz\/?page_id=750","title":{"rendered":"Sezona 2020"},"content":{"rendered":"<div class=\"ngg-albumoverview default-view\">\n            <div class=\"ngg-album\">\n            <div class=\"ngg-albumcontent\">\n                <div class=\"ngg-thumbnail\">\n                    <a class='gallery_link' href='http:\/\/sportjudo.cz\/index.php\/nggallery\/2020\/cp-brno-0920?page_id=750'>\n                        <img class=\"Thumb\"\n                             alt=\"CP Brno 0920\"\n                             src=\"http:\/\/sportjudo.cz\/cp-brno-0920\/cache\/IMG_20200912_161558.jpg-nggid03173-ngg0dyn-300x200x100-00f0w010c011r110f110r010t010.jpg\"\/>\n                    <\/a>\n                <\/div>\n                <div class=\"ngg-albumtitle\">\n                  <a class='gallery_link' href='http:\/\/sportjudo.cz\/index.php\/nggallery\/2020\/cp-brno-0920?page_id=750'>CP Brno 0920<\/a>\n                <\/div>\n                <div class=\"ngg-description\">\n                    <p><\/p>\n                                            <p class=\"ngg-album-gallery-image-counter\"><strong>6<\/strong>&nbsp;Fotky<\/p>\n                                    <\/div>\n            <\/div>\n        <\/div>\n            <div class=\"ngg-album\">\n            <div class=\"ngg-albumcontent\">\n                <div class=\"ngg-thumbnail\">\n                    <a class='gallery_link' href='http:\/\/sportjudo.cz\/index.php\/nggallery\/2020\/vt-polsko-2020?page_id=750'>\n                        <img class=\"Thumb\"\n                             alt=\"VT Polsko 2020\"\n                             src=\"http:\/\/sportjudo.cz\/vt-polsko-2020\/cache\/01_VT_Polsko_2020.jpg-nggid03140-ngg0dyn-300x200x100-00f0w010c011r110f110r010t010.jpg\"\/>\n                    <\/a>\n                <\/div>\n                <div class=\"ngg-albumtitle\">\n                  <a class='gallery_link' href='http:\/\/sportjudo.cz\/index.php\/nggallery\/2020\/vt-polsko-2020?page_id=750'>VT Polsko 2020<\/a>\n                <\/div>\n                <div class=\"ngg-description\">\n                    <p><\/p>\n                                            <p class=\"ngg-album-gallery-image-counter\"><strong>4<\/strong>&nbsp;Fotky<\/p>\n                                    <\/div>\n            <\/div>\n        <\/div>\n            <div class=\"ngg-album\">\n            <div class=\"ngg-albumcontent\">\n                <div class=\"ngg-thumbnail\">\n                    <a class='gallery_link' href='http:\/\/sportjudo.cz\/index.php\/nggallery\/2020\/vt-hranice-na-morave-2-2020?page_id=750'>\n                        <img class=\"Thumb\"\n                             alt=\"VT Hranice na Morav\u011b 2 2020\"\n                             src=\"http:\/\/sportjudo.cz\/vt-hranice-na-morave-2-2020\/cache\/01_Hranice2_2020.jpg-nggid03144-ngg0dyn-300x200x100-00f0w010c011r110f110r010t010.jpg\"\/>\n                    <\/a>\n                <\/div>\n                <div class=\"ngg-albumtitle\">\n                  <a class='gallery_link' href='http:\/\/sportjudo.cz\/index.php\/nggallery\/2020\/vt-hranice-na-morave-2-2020?page_id=750'>VT Hranice na Morav\u011b 2 2020<\/a>\n                <\/div>\n                <div class=\"ngg-description\">\n                    <p><\/p>\n                                            <p class=\"ngg-album-gallery-image-counter\"><strong>16<\/strong>&nbsp;Fotky<\/p>\n                                    <\/div>\n            <\/div>\n        <\/div>\n            <div class=\"ngg-album\">\n            <div class=\"ngg-albumcontent\">\n                <div class=\"ngg-thumbnail\">\n                    <a class='gallery_link' href='http:\/\/sportjudo.cz\/index.php\/nggallery\/2020\/vt-hranice-na-morave-2020?page_id=750'>\n                        <img class=\"Thumb\"\n                             alt=\"VT Hranice na Morav\u011b 2020\"\n                             src=\"http:\/\/sportjudo.cz\/vt-hranice-na-morave-2020\/cache\/01_VT_Hranice.jpg-nggid03139-ngg0dyn-300x200x100-00f0w010c011r110f110r010t010.jpg\"\/>\n                    <\/a>\n                <\/div>\n                <div class=\"ngg-albumtitle\">\n                  <a class='gallery_link' href='http:\/\/sportjudo.cz\/index.php\/nggallery\/2020\/vt-hranice-na-morave-2020?page_id=750'>VT Hranice na Morav\u011b 2020<\/a>\n                <\/div>\n                <div class=\"ngg-description\">\n                    <p><\/p>\n                                            <p class=\"ngg-album-gallery-image-counter\"><strong>1<\/strong>&nbsp;Fotky<\/p>\n                                    <\/div>\n            <\/div>\n        <\/div>\n            <div class=\"ngg-album\">\n            <div class=\"ngg-albumcontent\">\n                <div class=\"ngg-thumbnail\">\n                    <a class='gallery_link' href='http:\/\/sportjudo.cz\/index.php\/nggallery\/2020\/hranicky-ligovy-pohar?page_id=750'>\n                        <img class=\"Thumb\"\n                             alt=\"Hranick\u00fd ligov\u00fd poh\u00e1r\"\n                             src=\"http:\/\/sportjudo.cz\/hranicky-ligovy-pohar\/cache\/01_Hranice_2020.jpg-nggid03136-ngg0dyn-300x200x100-00f0w010c011r110f110r010t010.jpg\"\/>\n                    <\/a>\n                <\/div>\n                <div class=\"ngg-albumtitle\">\n                  <a class='gallery_link' href='http:\/\/sportjudo.cz\/index.php\/nggallery\/2020\/hranicky-ligovy-pohar?page_id=750'>Hranick\u00fd ligov\u00fd poh\u00e1r<\/a>\n                <\/div>\n                <div class=\"ngg-description\">\n                    <p><\/p>\n                                            <p class=\"ngg-album-gallery-image-counter\"><strong>3<\/strong>&nbsp;Fotky<\/p>\n                                    <\/div>\n            <\/div>\n        <\/div>\n            <div class=\"ngg-album\">\n            <div class=\"ngg-albumcontent\">\n                <div class=\"ngg-thumbnail\">\n                    <a class='gallery_link' href='http:\/\/sportjudo.cz\/index.php\/nggallery\/2020\/vt-terezin-1-2020?page_id=750'>\n                        <img class=\"Thumb\"\n                             alt=\"VT Terez\u00edn 1 2020\"\n                             src=\"http:\/\/sportjudo.cz\/vt-terezin-1-2020\/cache\/01_VT_Terezin_1_2020.jpg-nggid03133-ngg0dyn-300x200x100-00f0w010c011r110f110r010t010.jpg\"\/>\n                    <\/a>\n                <\/div>\n                <div class=\"ngg-albumtitle\">\n                  <a class='gallery_link' href='http:\/\/sportjudo.cz\/index.php\/nggallery\/2020\/vt-terezin-1-2020?page_id=750'>VT Terez\u00edn 1 2020<\/a>\n                <\/div>\n                <div class=\"ngg-description\">\n                    <p><\/p>\n                                            <p class=\"ngg-album-gallery-image-counter\"><strong>3<\/strong>&nbsp;Fotky<\/p>\n                                    <\/div>\n            <\/div>\n        <\/div>\n            <div class=\"ngg-album\">\n            <div class=\"ngg-albumcontent\">\n                <div class=\"ngg-thumbnail\">\n                    <a class='gallery_link' href='http:\/\/sportjudo.cz\/index.php\/nggallery\/2020\/vt-praha?page_id=750'>\n                        <img class=\"Thumb\"\n                             alt=\"VT Praha\"\n                             src=\"http:\/\/sportjudo.cz\/vt-praha\/cache\/01_VT_Praha_2020.jpg-nggid03132-ngg0dyn-300x200x100-00f0w010c011r110f110r010t010.jpg\"\/>\n                    <\/a>\n                <\/div>\n                <div class=\"ngg-albumtitle\">\n                  <a class='gallery_link' href='http:\/\/sportjudo.cz\/index.php\/nggallery\/2020\/vt-praha?page_id=750'>VT Praha<\/a>\n                <\/div>\n                <div class=\"ngg-description\">\n                    <p><\/p>\n                                            <p class=\"ngg-album-gallery-image-counter\"><strong>1<\/strong>&nbsp;Fotky<\/p>\n                                    <\/div>\n            <\/div>\n        <\/div>\n            <div class=\"ngg-album\">\n            <div class=\"ngg-albumcontent\">\n                <div class=\"ngg-thumbnail\">\n                    <a class='gallery_link' href='http:\/\/sportjudo.cz\/index.php\/nggallery\/2020\/vt-jeseniky-2020?page_id=750'>\n                        <img class=\"Thumb\"\n                             alt=\"VT Jesen\u00edky 2020\"\n                             src=\"http:\/\/sportjudo.cz\/vt-jeseniky-2020\/cache\/01_VT_Jeseniky_2020.jpg-nggid03124-ngg0dyn-300x200x100-00f0w010c011r110f110r010t010.jpg\"\/>\n                    <\/a>\n                <\/div>\n                <div class=\"ngg-albumtitle\">\n                  <a class='gallery_link' href='http:\/\/sportjudo.cz\/index.php\/nggallery\/2020\/vt-jeseniky-2020?page_id=750'>VT Jesen\u00edky 2020<\/a>\n                <\/div>\n                <div class=\"ngg-description\">\n                    <p><\/p>\n                                            <p class=\"ngg-album-gallery-image-counter\"><strong>8<\/strong>&nbsp;Fotky<\/p>\n                                    <\/div>\n            <\/div>\n        <\/div>\n            <div class=\"ngg-album\">\n            <div class=\"ngg-albumcontent\">\n                <div class=\"ngg-thumbnail\">\n                    <a class='gallery_link' href='http:\/\/sportjudo.cz\/index.php\/nggallery\/2020\/vt-bory-2020?page_id=750'>\n                        <img class=\"Thumb\"\n                             alt=\"VT Bory 2020\"\n                             src=\"http:\/\/sportjudo.cz\/vt-bory-2020\/cache\/01_VT_Bory_2020.jpg-nggid03121-ngg0dyn-300x200x100-00f0w010c011r110f110r010t010.jpg\"\/>\n                    <\/a>\n                <\/div>\n                <div class=\"ngg-albumtitle\">\n                  <a class='gallery_link' href='http:\/\/sportjudo.cz\/index.php\/nggallery\/2020\/vt-bory-2020?page_id=750'>VT Bory 2020<\/a>\n                <\/div>\n                <div class=\"ngg-description\">\n                    <p><\/p>\n                                            <p class=\"ngg-album-gallery-image-counter\"><strong>3<\/strong>&nbsp;Fotky<\/p>\n                                    <\/div>\n            <\/div>\n        <\/div>\n            <div class=\"ngg-album\">\n            <div class=\"ngg-albumcontent\">\n                <div class=\"ngg-thumbnail\">\n                    <a class='gallery_link' href='http:\/\/sportjudo.cz\/index.php\/nggallery\/2020\/vt-liberec-2020?page_id=750'>\n                        <img class=\"Thumb\"\n                             alt=\"VT Liberec 2020\"\n                             src=\"http:\/\/sportjudo.cz\/vt-liberec-2020\/cache\/01_VT_Liberec_2020.JPG-nggid03160-ngg0dyn-300x200x100-00f0w010c011r110f110r010t010.JPG\"\/>\n                    <\/a>\n                <\/div>\n                <div class=\"ngg-albumtitle\">\n                  <a class='gallery_link' href='http:\/\/sportjudo.cz\/index.php\/nggallery\/2020\/vt-liberec-2020?page_id=750'>VT Liberec 2020<\/a>\n                <\/div>\n                <div class=\"ngg-description\">\n                    <p><\/p>\n                                            <p class=\"ngg-album-gallery-image-counter\"><strong>6<\/strong>&nbsp;Fotky<\/p>\n                                    <\/div>\n            <\/div>\n        <\/div>\n            <div class=\"ngg-album\">\n            <div class=\"ngg-albumcontent\">\n                <div class=\"ngg-thumbnail\">\n                    <a class='gallery_link' href='http:\/\/sportjudo.cz\/index.php\/nggallery\/2020\/vt-teplice-2-2020?page_id=750'>\n                        <img class=\"Thumb\"\n                             alt=\"VT Teplice 2 2020\"\n                             src=\"http:\/\/sportjudo.cz\/vt-teplice-2-2020\/cache\/01_Teplice2_2020.JPG-nggid03166-ngg0dyn-300x200x100-00f0w010c011r110f110r010t010.JPG\"\/>\n                    <\/a>\n                <\/div>\n                <div class=\"ngg-albumtitle\">\n                  <a class='gallery_link' href='http:\/\/sportjudo.cz\/index.php\/nggallery\/2020\/vt-teplice-2-2020?page_id=750'>VT Teplice 2 2020<\/a>\n                <\/div>\n                <div class=\"ngg-description\">\n                    <p><\/p>\n                                            <p class=\"ngg-album-gallery-image-counter\"><strong>7<\/strong>&nbsp;Fotky<\/p>\n                                    <\/div>\n            <\/div>\n        <\/div>\n            <div class=\"ngg-album\">\n            <div class=\"ngg-albumcontent\">\n                <div class=\"ngg-thumbnail\">\n                    <a class='gallery_link' href='http:\/\/sportjudo.cz\/index.php\/nggallery\/2020\/vt-teplice-2020?page_id=750'>\n                        <img class=\"Thumb\"\n                             alt=\"VT Teplice 2020\"\n                             src=\"http:\/\/sportjudo.cz\/vt-teplice-2020\/cache\/01_VT_Teplice_2020.jpg-nggid03118-ngg0dyn-300x200x100-00f0w010c011r110f110r010t010.jpg\"\/>\n                    <\/a>\n                <\/div>\n                <div class=\"ngg-albumtitle\">\n                  <a class='gallery_link' href='http:\/\/sportjudo.cz\/index.php\/nggallery\/2020\/vt-teplice-2020?page_id=750'>VT Teplice 2020<\/a>\n                <\/div>\n                <div class=\"ngg-description\">\n                    <p><\/p>\n                                            <p class=\"ngg-album-gallery-image-counter\"><strong>3<\/strong>&nbsp;Fotky<\/p>\n                                    <\/div>\n            <\/div>\n        <\/div>\n            <div class=\"ngg-album\">\n            <div class=\"ngg-albumcontent\">\n                <div class=\"ngg-thumbnail\">\n                    <a class='gallery_link' href='http:\/\/sportjudo.cz\/index.php\/nggallery\/2020\/vt-krkonose-2-2020?page_id=750'>\n                        <img class=\"Thumb\"\n                             alt=\"VT Krkono\u0161e 2 2020\"\n                             src=\"http:\/\/sportjudo.cz\/vt-krkonose-2-2020\/cache\/01_VT_Krkonose_2_2020.jpg-nggid03115-ngg0dyn-300x200x100-00f0w010c011r110f110r010t010.jpg\"\/>\n                    <\/a>\n                <\/div>\n                <div class=\"ngg-albumtitle\">\n                  <a class='gallery_link' href='http:\/\/sportjudo.cz\/index.php\/nggallery\/2020\/vt-krkonose-2-2020?page_id=750'>VT Krkono\u0161e 2 2020<\/a>\n                <\/div>\n                <div class=\"ngg-description\">\n                    <p><\/p>\n                                            <p class=\"ngg-album-gallery-image-counter\"><strong>3<\/strong>&nbsp;Fotky<\/p>\n                                    <\/div>\n            <\/div>\n        <\/div>\n            <div class=\"ngg-album\">\n            <div class=\"ngg-albumcontent\">\n                <div class=\"ngg-thumbnail\">\n                    <a class='gallery_link' href='http:\/\/sportjudo.cz\/index.php\/nggallery\/2020\/vt-krkonose-1-2020?page_id=750'>\n                        <img class=\"Thumb\"\n                             alt=\"VT Krkono\u0161e 1 2020\"\n                             src=\"http:\/\/sportjudo.cz\/vt-krkonose-1-2020\/cache\/01_VT_Krkonose_1_2020.jpg-nggid03112-ngg0dyn-300x200x100-00f0w010c011r110f110r010t010.jpg\"\/>\n                    <\/a>\n                <\/div>\n                <div class=\"ngg-albumtitle\">\n                  <a class='gallery_link' href='http:\/\/sportjudo.cz\/index.php\/nggallery\/2020\/vt-krkonose-1-2020?page_id=750'>VT Krkono\u0161e 1 2020<\/a>\n                <\/div>\n                <div class=\"ngg-description\">\n                    <p><\/p>\n                                            <p class=\"ngg-album-gallery-image-counter\"><strong>3<\/strong>&nbsp;Fotky<\/p>\n                                    <\/div>\n            <\/div>\n        <\/div>\n            <div class=\"ngg-album\">\n            <div class=\"ngg-albumcontent\">\n                <div class=\"ngg-thumbnail\">\n                    <a class='gallery_link' href='http:\/\/sportjudo.cz\/index.php\/nggallery\/2020\/kondicni-trenink-2020-3?page_id=750'>\n                        <img class=\"Thumb\"\n                             alt=\"Kondi\u010dn\u00ed tr\u00e9nink 2020\"\n                             src=\"http:\/\/sportjudo.cz\/kondicni-trenink-2020-1\/cache\/01_korona2_2020.jpg-nggid03107-ngg0dyn-300x200x100-00f0w010c011r110f110r010t010.jpg\"\/>\n                    <\/a>\n                <\/div>\n                <div class=\"ngg-albumtitle\">\n                  <a class='gallery_link' href='http:\/\/sportjudo.cz\/index.php\/nggallery\/2020\/kondicni-trenink-2020-3?page_id=750'>Kondi\u010dn\u00ed tr\u00e9nink 2020<\/a>\n                <\/div>\n                <div class=\"ngg-description\">\n                    <p><\/p>\n                                            <p class=\"ngg-album-gallery-image-counter\"><strong>5<\/strong>&nbsp;Fotky<\/p>\n                                    <\/div>\n            <\/div>\n        <\/div>\n            <div class=\"ngg-album\">\n            <div class=\"ngg-albumcontent\">\n                <div class=\"ngg-thumbnail\">\n                    <a class='gallery_link' href='http:\/\/sportjudo.cz\/index.php\/nggallery\/2020\/kondicni-trenink-2020?page_id=750'>\n                        <img class=\"Thumb\"\n                             alt=\"Kondi\u010dn\u00ed tr\u00e9nink 2020\"\n                             src=\"http:\/\/sportjudo.cz\/kondicni-trenink-2020\/cache\/01_korona1_2020.jpg-nggid03100-ngg0dyn-300x200x100-00f0w010c011r110f110r010t010.jpg\"\/>\n                    <\/a>\n                <\/div>\n                <div class=\"ngg-albumtitle\">\n                  <a class='gallery_link' href='http:\/\/sportjudo.cz\/index.php\/nggallery\/2020\/kondicni-trenink-2020?page_id=750'>Kondi\u010dn\u00ed tr\u00e9nink 2020<\/a>\n                <\/div>\n                <div class=\"ngg-description\">\n                    <p><\/p>\n                                            <p class=\"ngg-album-gallery-image-counter\"><strong>7<\/strong>&nbsp;Fotky<\/p>\n                                    <\/div>\n            <\/div>\n        <\/div>\n            <div class=\"ngg-album\">\n            <div class=\"ngg-albumcontent\">\n                <div class=\"ngg-thumbnail\">\n                    <a class='gallery_link' href='http:\/\/sportjudo.cz\/index.php\/nggallery\/2020\/cp-ostrava-2020?page_id=750'>\n                        <img class=\"Thumb\"\n                             alt=\"\u010cP Ostrava 2020\"\n                             src=\"http:\/\/sportjudo.cz\/cp-ostrava-2020\/cache\/01_CP_Ostrava_2020.JPG-nggid0299-ngg0dyn-300x200x100-00f0w010c011r110f110r010t010.JPG\"\/>\n                    <\/a>\n                <\/div>\n                <div class=\"ngg-albumtitle\">\n                  <a class='gallery_link' href='http:\/\/sportjudo.cz\/index.php\/nggallery\/2020\/cp-ostrava-2020?page_id=750'>\u010cP Ostrava 2020<\/a>\n                <\/div>\n                <div class=\"ngg-description\">\n                    <p><\/p>\n                                            <p class=\"ngg-album-gallery-image-counter\"><strong>1<\/strong>&nbsp;Fotky<\/p>\n                                    <\/div>\n            <\/div>\n        <\/div>\n            <div class=\"ngg-album\">\n            <div class=\"ngg-albumcontent\">\n                <div class=\"ngg-thumbnail\">\n                    <a class='gallery_link' href='http:\/\/sportjudo.cz\/index.php\/nggallery\/2020\/dl-2020?page_id=750'>\n                        <img class=\"Thumb\"\n                             alt=\"DL 2020\"\n                             src=\"http:\/\/sportjudo.cz\/dl-2020\/cache\/01_1_DL_Praha_2020.JPG-nggid0298-ngg0dyn-300x200x100-00f0w010c011r110f110r010t010.JPG\"\/>\n                    <\/a>\n                <\/div>\n                <div class=\"ngg-albumtitle\">\n                  <a class='gallery_link' href='http:\/\/sportjudo.cz\/index.php\/nggallery\/2020\/dl-2020?page_id=750'>DL 2020<\/a>\n                <\/div>\n                <div class=\"ngg-description\">\n                    <p><\/p>\n                                            <p class=\"ngg-album-gallery-image-counter\"><strong>1<\/strong>&nbsp;Fotky<\/p>\n                                    <\/div>\n            <\/div>\n        <\/div>\n            <div class=\"ngg-album\">\n            <div class=\"ngg-albumcontent\">\n                <div class=\"ngg-thumbnail\">\n                    <a class='gallery_link' href='http:\/\/sportjudo.cz\/index.php\/nggallery\/2020\/matsumae-cup-2020?page_id=750'>\n                        <img class=\"Thumb\"\n                             alt=\"Matsumae Cup 2020\"\n                             src=\"http:\/\/sportjudo.cz\/matsumae-cup-2020\/cache\/01_Matsumae_Cup_2020.jpeg-nggid0297-ngg0dyn-300x200x100-00f0w010c011r110f110r010t010.jpeg\"\/>\n                    <\/a>\n                <\/div>\n                <div class=\"ngg-albumtitle\">\n                  <a class='gallery_link' href='http:\/\/sportjudo.cz\/index.php\/nggallery\/2020\/matsumae-cup-2020?page_id=750'>Matsumae Cup 2020<\/a>\n                <\/div>\n                <div class=\"ngg-description\">\n                    <p><\/p>\n                                            <p class=\"ngg-album-gallery-image-counter\"><strong>1<\/strong>&nbsp;Fotky<\/p>\n                                    <\/div>\n            <\/div>\n        <\/div>\n            <div class=\"ngg-album\">\n            <div class=\"ngg-albumcontent\">\n                <div class=\"ngg-thumbnail\">\n                    <a class='gallery_link' href='http:\/\/sportjudo.cz\/index.php\/nggallery\/2020\/usk-cup-praha-2020?page_id=750'>\n                        <img class=\"Thumb\"\n                             alt=\"USK CUP PRAHA 2020\"\n                             src=\"http:\/\/sportjudo.cz\/usk-cup-praha-2020\/cache\/01_USK_CUP_2020.JPG-nggid0296-ngg0dyn-300x200x100-00f0w010c011r110f110r010t010.JPG\"\/>\n                    <\/a>\n                <\/div>\n                <div class=\"ngg-albumtitle\">\n                  <a class='gallery_link' href='http:\/\/sportjudo.cz\/index.php\/nggallery\/2020\/usk-cup-praha-2020?page_id=750'>USK CUP PRAHA 2020<\/a>\n                <\/div>\n                <div class=\"ngg-description\">\n                    <p><\/p>\n                                            <p class=\"ngg-album-gallery-image-counter\"><strong>1<\/strong>&nbsp;Fotky<\/p>\n                                    <\/div>\n            <\/div>\n        <\/div>\n            <div class=\"ngg-album\">\n            <div class=\"ngg-albumcontent\">\n                <div class=\"ngg-thumbnail\">\n                    <a class='gallery_link' href='http:\/\/sportjudo.cz\/index.php\/nggallery\/2020\/1-kts-2020-teplice?page_id=750'>\n                        <img class=\"Thumb\"\n                             alt=\"1. KTS 2020 Teplice\"\n                             src=\"http:\/\/sportjudo.cz\/1-kts-2020-teplice\/cache\/01_KTS_Teplice_1_2020.jpg-nggid0256-ngg0dyn-300x200x100-00f0w010c011r110f110r010t010.jpg\"\/>\n                    <\/a>\n                <\/div>\n                <div class=\"ngg-albumtitle\">\n                  <a class='gallery_link' href='http:\/\/sportjudo.cz\/index.php\/nggallery\/2020\/1-kts-2020-teplice?page_id=750'>1. KTS 2020 Teplice<\/a>\n                <\/div>\n                <div class=\"ngg-description\">\n                    <p><\/p>\n                                            <p class=\"ngg-album-gallery-image-counter\"><strong>2<\/strong>&nbsp;Fotky<\/p>\n                                    <\/div>\n            <\/div>\n        <\/div>\n            <div class=\"ngg-album\">\n            <div class=\"ngg-albumcontent\">\n                <div class=\"ngg-thumbnail\">\n                    <a class='gallery_link' href='http:\/\/sportjudo.cz\/index.php\/nggallery\/2020\/rauris-2020?page_id=750'>\n                        <img class=\"Thumb\"\n                             alt=\"Rauris 2020\"\n                             src=\"http:\/\/sportjudo.cz\/rauris-2020\/cache\/02_Rauris_2020.JPG-nggid0254-ngg0dyn-300x200x100-00f0w010c011r110f110r010t010.JPG\"\/>\n                    <\/a>\n                <\/div>\n                <div class=\"ngg-albumtitle\">\n                  <a class='gallery_link' href='http:\/\/sportjudo.cz\/index.php\/nggallery\/2020\/rauris-2020?page_id=750'>Rauris 2020<\/a>\n                <\/div>\n                <div class=\"ngg-description\">\n                    <p><\/p>\n                                            <p class=\"ngg-album-gallery-image-counter\"><strong>3<\/strong>&nbsp;Fotky<\/p>\n                                    <\/div>\n            <\/div>\n        <\/div>\n            <div class=\"ngg-album\">\n            <div class=\"ngg-albumcontent\">\n                <div class=\"ngg-thumbnail\">\n                    <a class='gallery_link' href='http:\/\/sportjudo.cz\/index.php\/nggallery\/2020\/krkonose-2020?page_id=750'>\n                        <img class=\"Thumb\"\n                             alt=\"Krkono\u0161e 2020\"\n                             src=\"http:\/\/sportjudo.cz\/krkonose_2020\/cache\/krkonose_01.jpg-nggid0235-ngg0dyn-300x200x100-00f0w010c011r110f110r010t010.jpg\"\/>\n                    <\/a>\n                <\/div>\n                <div class=\"ngg-albumtitle\">\n                  <a class='gallery_link' href='http:\/\/sportjudo.cz\/index.php\/nggallery\/2020\/krkonose-2020?page_id=750'>Krkono\u0161e 2020<\/a>\n                <\/div>\n                <div class=\"ngg-description\">\n                    <p><\/p>\n                                            <p class=\"ngg-album-gallery-image-counter\"><strong>3<\/strong>&nbsp;Fotky<\/p>\n                                    <\/div>\n            <\/div>\n        <\/div>\n            <div class=\"ngg-album\">\n            <div class=\"ngg-albumcontent\">\n                <div class=\"ngg-thumbnail\">\n                    <a class='gallery_link' href='http:\/\/sportjudo.cz\/index.php\/nggallery\/2020\/svycarna-1?page_id=750'>\n                        <img class=\"Thumb\"\n                             alt=\"Svycarna\"\n                             src=\"\"\/>\n                    <\/a>\n                <\/div>\n                <div class=\"ngg-albumtitle\">\n                  <a class='gallery_link' href='http:\/\/sportjudo.cz\/index.php\/nggallery\/2020\/svycarna-1?page_id=750'>Svycarna<\/a>\n                <\/div>\n                <div class=\"ngg-description\">\n                    <p><\/p>\n                                    <\/div>\n            <\/div>\n        <\/div>\n        <div class='ngg-clear'><\/div><\/div>\n\n","protected":false},"excerpt":{"rendered":"","protected":false},"author":1,"featured_media":0,"parent":0,"menu_order":0,"comment_status":"closed","ping_status":"closed","template":"templates\/template-full-notitle.php","meta":{"ngg_post_thumbnail":0},"_links":{"self":[{"href":"http:\/\/sportjudo.cz\/index.php?rest_route=\/wp\/v2\/pages\/750"}],"collection":[{"href":"http:\/\/sportjudo.cz\/index.php?rest_route=\/wp\/v2\/pages"}],"about":[{"href":"http:\/\/sportjudo.cz\/index.php?rest_route=\/wp\/v2\/types\/page"}],"author":[{"embeddable":true,"href":"http:\/\/sportjudo.cz\/index.php?rest_route=\/wp\/v2\/users\/1"}],"replies":[{"embeddable":true,"href":"http:\/\/sportjudo.cz\/index.php?rest_route=%2Fwp%2Fv2%2Fcomments&post=750"}],"version-history":[{"count":2,"href":"http:\/\/sportjudo.cz\/index.php?rest_route=\/wp\/v2\/pages\/750\/revisions"}],"predecessor-version":[{"id":753,"href":"http:\/\/sportjudo.cz\/index.php?rest_route=\/wp\/v2\/pages\/750\/revisions\/753"}],"wp:attachment":[{"href":"http:\/\/sportjudo.cz\/index.php?rest_route=%2Fwp%2Fv2%2Fmedia&parent=750"}],"curies":[{"name":"wp","href":"https:\/\/api.w.org\/{rel}","templated":true}]}}